{"id":25243,"date":"2024-01-11T00:00:00","date_gmt":"2024-01-11T00:00:00","guid":{"rendered":"https:\/\/liincstudy.org\/study-findings\/el-covid-largo-se-manifiesta-con-desregulacion-de-las-celulas-t-inflamacion-y-una-respuesta-inmunitaria-adaptativa-descoordinada-al-sars-cov-2\/"},"modified":"2024-07-12T16:21:51","modified_gmt":"2024-07-12T16:21:51","slug":"el-covid-largo-se-manifiesta-con-desregulacion-de-las-celulas-t-inflamacion-y-una-respuesta-inmunitaria-adaptativa-descoordinada-al-sars-cov-2","status":"publish","type":"study-findings","link":"https:\/\/liincstudy.org\/es\/study-findings\/el-covid-largo-se-manifiesta-con-desregulacion-de-las-celulas-t-inflamacion-y-una-respuesta-inmunitaria-adaptativa-descoordinada-al-sars-cov-2\/","title":{"rendered":"El COVID largo se manifiesta con desregulaci\u00f3n de las c\u00e9lulas T, inflamaci\u00f3n y una respuesta inmunitaria adaptativa descoordinada al SARS-CoV-2"},"content":{"rendered":"\n<p>Examinamos la acci\u00f3n del sistema inmunitario en la sangre de los participantes con y sin s\u00edntomas de COVID largo a los 8 meses de sus infecciones por COVID-19. En las personas con COVID largo, encontramos diferencias en la actividad de determinadas c\u00e9lulas inmunitarias, lo que sugiere que puede haber una alteraci\u00f3n en la comunicaci\u00f3n entre las distintas partes del sistema inmunitario. Esta desregulaci\u00f3n puede estar contribuyendo a la inflamaci\u00f3n y a los s\u00edntomas cl\u00ednicos asociados a la COVID Larga. Los investigadores tambi\u00e9n encontraron pruebas de que determinadas c\u00e9lulas y prote\u00ednas inmunitarias pueden estar respondiendo al virus COVID-19 persistente que permanece en el organismo mucho despu\u00e9s de que las personas se recuperen de su infecci\u00f3n aguda.<\/p>\n","protected":false},"excerpt":{"rendered":"<p>Examinamos la acci\u00f3n del sistema inmunitario en la sangre de los participantes con y sin s\u00edntomas de COVID largo a los 8 meses de sus infecciones por COVID-19. En las personas con COVID largo, encontramos diferencias en la actividad de determinadas c\u00e9lulas inmunitarias, lo que sugiere que puede haber una alteraci\u00f3n en la comunicaci\u00f3n entre [&hellip;]<\/p>\n","protected":false},"featured_media":0,"template":"","class_list":["post-25243","study-findings","type-study-findings","status-publish"],"acf":[],"yoast_head":"<!-- This site is optimized with the Yoast SEO plugin v27.5 - https:\/\/yoast.com\/product\/yoast-seo-wordpress\/ -->\n<title>El COVID largo se manifiesta con desregulaci\u00f3n de las c\u00e9lulas T, inflamaci\u00f3n y una respuesta inmunitaria adaptativa descoordinada al SARS-CoV-2 - LIINC<\/title>\n<meta name=\"description\" content=\"Examinamos la acci\u00f3n del sistema inmunitario en la sangre de los participantes con y sin s\u00edntomas de COVID largo a los 8 meses de sus infecciones por\" \/>\n<meta name=\"robots\" content=\"index, follow, max-snippet:-1, max-image-preview:large, max-video-preview:-1\" \/>\n<link rel=\"canonical\" href=\"https:\/\/liincstudy.org\/es\/study-findings\/el-covid-largo-se-manifiesta-con-desregulacion-de-las-celulas-t-inflamacion-y-una-respuesta-inmunitaria-adaptativa-descoordinada-al-sars-cov-2\/\" \/>\n<meta property=\"og:locale\" content=\"es_ES\" \/>\n<meta property=\"og:type\" content=\"article\" \/>\n<meta property=\"og:title\" content=\"El COVID largo se manifiesta con desregulaci\u00f3n de las c\u00e9lulas T, inflamaci\u00f3n y una respuesta inmunitaria adaptativa descoordinada al SARS-CoV-2 - LIINC\" \/>\n<meta property=\"og:description\" content=\"Examinamos la acci\u00f3n del sistema inmunitario en la sangre de los participantes con y sin s\u00edntomas de COVID largo a los 8 meses de sus infecciones por\" \/>\n<meta property=\"og:url\" content=\"https:\/\/liincstudy.org\/es\/study-findings\/el-covid-largo-se-manifiesta-con-desregulacion-de-las-celulas-t-inflamacion-y-una-respuesta-inmunitaria-adaptativa-descoordinada-al-sars-cov-2\/\" \/>\n<meta property=\"og:site_name\" content=\"LIINC\" \/>\n<meta property=\"article:modified_time\" content=\"2024-07-12T16:21:51+00:00\" \/>\n<meta property=\"og:image\" content=\"https:\/\/liincstudy.org\/wp-content\/uploads\/2024\/05\/UCSF-tests-people-in-San-Francisco-for-covid-19.jpg\" \/>\n\t<meta property=\"og:image:width\" content=\"1320\" \/>\n\t<meta property=\"og:image:height\" content=\"880\" \/>\n\t<meta property=\"og:image:type\" content=\"image\/jpeg\" \/>\n<meta name=\"twitter:card\" content=\"summary_large_image\" \/>\n<script type=\"application\/ld+json\" class=\"yoast-schema-graph\">{\"@context\":\"https:\\\/\\\/schema.org\",\"@graph\":[{\"@type\":\"WebPage\",\"@id\":\"https:\\\/\\\/liincstudy.org\\\/es\\\/study-findings\\\/el-covid-largo-se-manifiesta-con-desregulacion-de-las-celulas-t-inflamacion-y-una-respuesta-inmunitaria-adaptativa-descoordinada-al-sars-cov-2\\\/\",\"url\":\"https:\\\/\\\/liincstudy.org\\\/es\\\/study-findings\\\/el-covid-largo-se-manifiesta-con-desregulacion-de-las-celulas-t-inflamacion-y-una-respuesta-inmunitaria-adaptativa-descoordinada-al-sars-cov-2\\\/\",\"name\":\"El COVID largo se manifiesta con desregulaci\u00f3n de las c\u00e9lulas T, inflamaci\u00f3n y una respuesta inmunitaria adaptativa descoordinada al SARS-CoV-2 - LIINC\",\"isPartOf\":{\"@id\":\"https:\\\/\\\/liincstudy.org\\\/es\\\/#website\"},\"datePublished\":\"2024-01-11T00:00:00+00:00\",\"dateModified\":\"2024-07-12T16:21:51+00:00\",\"description\":\"Examinamos la acci\u00f3n del sistema inmunitario en la sangre de los participantes con y sin s\u00edntomas de COVID largo a los 8 meses de sus infecciones por\",\"breadcrumb\":{\"@id\":\"https:\\\/\\\/liincstudy.org\\\/es\\\/study-findings\\\/el-covid-largo-se-manifiesta-con-desregulacion-de-las-celulas-t-inflamacion-y-una-respuesta-inmunitaria-adaptativa-descoordinada-al-sars-cov-2\\\/#breadcrumb\"},\"inLanguage\":\"es\",\"potentialAction\":[{\"@type\":\"ReadAction\",\"target\":[\"https:\\\/\\\/liincstudy.org\\\/es\\\/study-findings\\\/el-covid-largo-se-manifiesta-con-desregulacion-de-las-celulas-t-inflamacion-y-una-respuesta-inmunitaria-adaptativa-descoordinada-al-sars-cov-2\\\/\"]}]},{\"@type\":\"BreadcrumbList\",\"@id\":\"https:\\\/\\\/liincstudy.org\\\/es\\\/study-findings\\\/el-covid-largo-se-manifiesta-con-desregulacion-de-las-celulas-t-inflamacion-y-una-respuesta-inmunitaria-adaptativa-descoordinada-al-sars-cov-2\\\/#breadcrumb\",\"itemListElement\":[{\"@type\":\"ListItem\",\"position\":1,\"name\":\"Home\",\"item\":\"https:\\\/\\\/liincstudy.org\\\/es\\\/\"},{\"@type\":\"ListItem\",\"position\":2,\"name\":\"Conclusiones del estudio\",\"item\":\"https:\\\/\\\/liincstudy.org\\\/es\\\/study-findings\\\/\"},{\"@type\":\"ListItem\",\"position\":3,\"name\":\"El COVID largo se manifiesta con desregulaci\u00f3n de las c\u00e9lulas T, inflamaci\u00f3n y una respuesta inmunitaria adaptativa descoordinada al SARS-CoV-2\"}]},{\"@type\":\"WebSite\",\"@id\":\"https:\\\/\\\/liincstudy.org\\\/es\\\/#website\",\"url\":\"https:\\\/\\\/liincstudy.org\\\/es\\\/\",\"name\":\"Long-term Impact of Infection with Novel Coronavirus\",\"description\":\"Long-term Impact of Infection with Novel Coronavirus\",\"publisher\":{\"@id\":\"https:\\\/\\\/liincstudy.org\\\/es\\\/#organization\"},\"alternateName\":\"LIINC\",\"potentialAction\":[{\"@type\":\"SearchAction\",\"target\":{\"@type\":\"EntryPoint\",\"urlTemplate\":\"https:\\\/\\\/liincstudy.org\\\/es\\\/?s={search_term_string}\"},\"query-input\":{\"@type\":\"PropertyValueSpecification\",\"valueRequired\":true,\"valueName\":\"search_term_string\"}}],\"inLanguage\":\"es\"},{\"@type\":\"Organization\",\"@id\":\"https:\\\/\\\/liincstudy.org\\\/es\\\/#organization\",\"name\":\"Long-term Impact of Infection with Novel Coronavirus\",\"alternateName\":\"LIINC\",\"url\":\"https:\\\/\\\/liincstudy.org\\\/es\\\/\",\"logo\":{\"@type\":\"ImageObject\",\"inLanguage\":\"es\",\"@id\":\"https:\\\/\\\/liincstudy.org\\\/es\\\/#\\\/schema\\\/logo\\\/image\\\/\",\"url\":\"https:\\\/\\\/liincstudy.org\\\/wp-content\\\/uploads\\\/2023\\\/11\\\/liinc-logo-stacked.svg\",\"contentUrl\":\"https:\\\/\\\/liincstudy.org\\\/wp-content\\\/uploads\\\/2023\\\/11\\\/liinc-logo-stacked.svg\",\"width\":129,\"height\":141,\"caption\":\"Long-term Impact of Infection with Novel Coronavirus\"},\"image\":{\"@id\":\"https:\\\/\\\/liincstudy.org\\\/es\\\/#\\\/schema\\\/logo\\\/image\\\/\"}}]}<\/script>\n<!-- \/ Yoast SEO plugin. -->","yoast_head_json":{"title":"El COVID largo se manifiesta con desregulaci\u00f3n de las c\u00e9lulas T, inflamaci\u00f3n y una respuesta inmunitaria adaptativa descoordinada al SARS-CoV-2 - LIINC","description":"Examinamos la acci\u00f3n del sistema inmunitario en la sangre de los participantes con y sin s\u00edntomas de COVID largo a los 8 meses de sus infecciones por","robots":{"index":"index","follow":"follow","max-snippet":"max-snippet:-1","max-image-preview":"max-image-preview:large","max-video-preview":"max-video-preview:-1"},"canonical":"https:\/\/liincstudy.org\/es\/study-findings\/el-covid-largo-se-manifiesta-con-desregulacion-de-las-celulas-t-inflamacion-y-una-respuesta-inmunitaria-adaptativa-descoordinada-al-sars-cov-2\/","og_locale":"es_ES","og_type":"article","og_title":"El COVID largo se manifiesta con desregulaci\u00f3n de las c\u00e9lulas T, inflamaci\u00f3n y una respuesta inmunitaria adaptativa descoordinada al SARS-CoV-2 - LIINC","og_description":"Examinamos la acci\u00f3n del sistema inmunitario en la sangre de los participantes con y sin s\u00edntomas de COVID largo a los 8 meses de sus infecciones por","og_url":"https:\/\/liincstudy.org\/es\/study-findings\/el-covid-largo-se-manifiesta-con-desregulacion-de-las-celulas-t-inflamacion-y-una-respuesta-inmunitaria-adaptativa-descoordinada-al-sars-cov-2\/","og_site_name":"LIINC","article_modified_time":"2024-07-12T16:21:51+00:00","og_image":[{"width":1320,"height":880,"url":"https:\/\/liincstudy.org\/wp-content\/uploads\/2024\/05\/UCSF-tests-people-in-San-Francisco-for-covid-19.jpg","type":"image\/jpeg"}],"twitter_card":"summary_large_image","schema":{"@context":"https:\/\/schema.org","@graph":[{"@type":"WebPage","@id":"https:\/\/liincstudy.org\/es\/study-findings\/el-covid-largo-se-manifiesta-con-desregulacion-de-las-celulas-t-inflamacion-y-una-respuesta-inmunitaria-adaptativa-descoordinada-al-sars-cov-2\/","url":"https:\/\/liincstudy.org\/es\/study-findings\/el-covid-largo-se-manifiesta-con-desregulacion-de-las-celulas-t-inflamacion-y-una-respuesta-inmunitaria-adaptativa-descoordinada-al-sars-cov-2\/","name":"El COVID largo se manifiesta con desregulaci\u00f3n de las c\u00e9lulas T, inflamaci\u00f3n y una respuesta inmunitaria adaptativa descoordinada al SARS-CoV-2 - LIINC","isPartOf":{"@id":"https:\/\/liincstudy.org\/es\/#website"},"datePublished":"2024-01-11T00:00:00+00:00","dateModified":"2024-07-12T16:21:51+00:00","description":"Examinamos la acci\u00f3n del sistema inmunitario en la sangre de los participantes con y sin s\u00edntomas de COVID largo a los 8 meses de sus infecciones por","breadcrumb":{"@id":"https:\/\/liincstudy.org\/es\/study-findings\/el-covid-largo-se-manifiesta-con-desregulacion-de-las-celulas-t-inflamacion-y-una-respuesta-inmunitaria-adaptativa-descoordinada-al-sars-cov-2\/#breadcrumb"},"inLanguage":"es","potentialAction":[{"@type":"ReadAction","target":["https:\/\/liincstudy.org\/es\/study-findings\/el-covid-largo-se-manifiesta-con-desregulacion-de-las-celulas-t-inflamacion-y-una-respuesta-inmunitaria-adaptativa-descoordinada-al-sars-cov-2\/"]}]},{"@type":"BreadcrumbList","@id":"https:\/\/liincstudy.org\/es\/study-findings\/el-covid-largo-se-manifiesta-con-desregulacion-de-las-celulas-t-inflamacion-y-una-respuesta-inmunitaria-adaptativa-descoordinada-al-sars-cov-2\/#breadcrumb","itemListElement":[{"@type":"ListItem","position":1,"name":"Home","item":"https:\/\/liincstudy.org\/es\/"},{"@type":"ListItem","position":2,"name":"Conclusiones del estudio","item":"https:\/\/liincstudy.org\/es\/study-findings\/"},{"@type":"ListItem","position":3,"name":"El COVID largo se manifiesta con desregulaci\u00f3n de las c\u00e9lulas T, inflamaci\u00f3n y una respuesta inmunitaria adaptativa descoordinada al SARS-CoV-2"}]},{"@type":"WebSite","@id":"https:\/\/liincstudy.org\/es\/#website","url":"https:\/\/liincstudy.org\/es\/","name":"Long-term Impact of Infection with Novel Coronavirus","description":"Long-term Impact of Infection with Novel Coronavirus","publisher":{"@id":"https:\/\/liincstudy.org\/es\/#organization"},"alternateName":"LIINC","potentialAction":[{"@type":"SearchAction","target":{"@type":"EntryPoint","urlTemplate":"https:\/\/liincstudy.org\/es\/?s={search_term_string}"},"query-input":{"@type":"PropertyValueSpecification","valueRequired":true,"valueName":"search_term_string"}}],"inLanguage":"es"},{"@type":"Organization","@id":"https:\/\/liincstudy.org\/es\/#organization","name":"Long-term Impact of Infection with Novel Coronavirus","alternateName":"LIINC","url":"https:\/\/liincstudy.org\/es\/","logo":{"@type":"ImageObject","inLanguage":"es","@id":"https:\/\/liincstudy.org\/es\/#\/schema\/logo\/image\/","url":"https:\/\/liincstudy.org\/wp-content\/uploads\/2023\/11\/liinc-logo-stacked.svg","contentUrl":"https:\/\/liincstudy.org\/wp-content\/uploads\/2023\/11\/liinc-logo-stacked.svg","width":129,"height":141,"caption":"Long-term Impact of Infection with Novel Coronavirus"},"image":{"@id":"https:\/\/liincstudy.org\/es\/#\/schema\/logo\/image\/"}}]}},"_links":{"self":[{"href":"https:\/\/liincstudy.org\/es\/wp-json\/wp\/v2\/study-findings\/25243","targetHints":{"allow":["GET"]}}],"collection":[{"href":"https:\/\/liincstudy.org\/es\/wp-json\/wp\/v2\/study-findings"}],"about":[{"href":"https:\/\/liincstudy.org\/es\/wp-json\/wp\/v2\/types\/study-findings"}],"wp:attachment":[{"href":"https:\/\/liincstudy.org\/es\/wp-json\/wp\/v2\/media?parent=25243"}],"curies":[{"name":"wp","href":"https:\/\/api.w.org\/{rel}","templated":true}]}}